{"id":15835,"date":"2025-12-09T09:36:52","date_gmt":"2025-12-09T08:36:52","guid":{"rendered":"https:\/\/kadion.com\/responsabilitat-social-corporativa\/"},"modified":"2025-12-15T14:38:42","modified_gmt":"2025-12-15T13:38:42","slug":"responsabilitat-social-corporativa","status":"publish","type":"page","link":"https:\/\/kadion.com\/ca\/responsabilitat-social-corporativa\/","title":{"rendered":"Responsabilitat social corporativa"},"content":{"rendered":"\t\t<div data-elementor-type=\"wp-page\" data-elementor-id=\"15835\" class=\"elementor elementor-15835 elementor-60\" data-elementor-post-type=\"page\">\n\t\t\t\t<div class=\"elementor-element elementor-element-292a8dc e-flex e-con-boxed e-con e-parent\" data-id=\"292a8dc\" data-element_type=\"container\" data-e-type=\"container\" data-settings=\"{&quot;background_background&quot;:&quot;classic&quot;}\">\n\t\t\t\t\t<div class=\"e-con-inner\">\n\t\t<div class=\"elementor-element elementor-element-24824f4 e-con-full e-flex e-con e-child\" data-id=\"24824f4\" data-element_type=\"container\" data-e-type=\"container\">\n\t\t\t\t<div class=\"elementor-element elementor-element-1dc8742 elementor-widget elementor-widget-heading\" data-id=\"1dc8742\" data-element_type=\"widget\" data-e-type=\"widget\" data-widget_type=\"heading.default\">\n\t\t\t\t\t<h1 class=\"elementor-heading-title elementor-size-default\">RSC<\/h1>\t\t\t\t<\/div>\n\t\t\t\t<div class=\"elementor-element elementor-element-bd7c490 elementor-widget-divider--view-line elementor-widget elementor-widget-divider\" data-id=\"bd7c490\" data-element_type=\"widget\" data-e-type=\"widget\" data-widget_type=\"divider.default\">\n\t\t\t\t\t\t\t<div class=\"elementor-divider\">\n\t\t\t<span class=\"elementor-divider-separator\">\n\t\t\t\t\t\t<\/span>\n\t\t<\/div>\n\t\t\t\t\t\t<\/div>\n\t\t\t\t<div class=\"elementor-element elementor-element-c4d461d elementor-widget elementor-widget-heading\" data-id=\"c4d461d\" data-element_type=\"widget\" data-e-type=\"widget\" data-widget_type=\"heading.default\">\n\t\t\t\t\t<p class=\"elementor-heading-title elementor-size-default\">Responsabilitat Social Corporativa<\/p>\t\t\t\t<\/div>\n\t\t\t\t<\/div>\n\t\t<div class=\"elementor-element elementor-element-7b8dadb e-con-full elementor-hidden-mobile e-flex e-con e-child\" data-id=\"7b8dadb\" data-element_type=\"container\" data-e-type=\"container\">\n\t\t\t\t<\/div>\n\t\t\t\t\t<\/div>\n\t\t\t\t<\/div>\n\t\t<div class=\"elementor-element elementor-element-6e0441b e-flex e-con-boxed e-con e-parent\" data-id=\"6e0441b\" data-element_type=\"container\" data-e-type=\"container\">\n\t\t\t\t\t<div class=\"e-con-inner\">\n\t\t<div class=\"elementor-element elementor-element-deadd0b e-con-full e-flex e-con e-child\" data-id=\"deadd0b\" data-element_type=\"container\" data-e-type=\"container\">\n\t\t\t\t<div class=\"elementor-element elementor-element-ba2e201 elementor-widget elementor-widget-heading\" data-id=\"ba2e201\" data-element_type=\"widget\" data-e-type=\"widget\" data-widget_type=\"heading.default\">\n\t\t\t\t\t<h2 class=\"elementor-heading-title elementor-size-default\">Compromesos amb la sostenibilitat<\/h2>\t\t\t\t<\/div>\n\t\t\t\t<div class=\"elementor-element elementor-element-7c2d963 elementor-widget elementor-widget-text-editor\" data-id=\"7c2d963\" data-element_type=\"widget\" data-e-type=\"widget\" data-widget_type=\"text-editor.default\">\n\t\t\t\t\t\t\t\t\t<p>A KADION ens trobem en un proc\u00e9s de continu creixement i per aix\u00f2, avancem com a empresa comprometent-nos a ajudar a assolir un futur millor, impulsant mesures i resultats sostenibles. A aquest efecte, estem constantment desenvolupant les nostres estructures organitzatives i eines de gesti\u00f3, sempre amb l\u2019objectiu de fer el millor \u00fas possible dels recursos humans, naturals i financers a fi del desenvolupament sostenible. D\u2019aquesta manera, creem beneficis mesurables per a les empreses i la societat.  <\/p><p>El comprom\u00eds de KADION amb la sostenibilitat est\u00e0 arrelat en els nostres valors fonamentals i \u00e9s primordial pel que representem com a empresa. Amb el suport de s\u00f2lides pr\u00e0ctiques des del consell d\u2019administraci\u00f3, volem inspirar la nostra gent, les nostres comunitats i el medi ambient. Tenim en compte els efectes de les nostres pr\u00e0ctiques, decisions i processos comercials al medi ambient i, per aix\u00f2, hem establert est\u00e0ndards en els nostres procediments que ens ajudin a assolir objectius de desenvolupament sostenible.  <\/p><p>Guiats per la nostra cultura empresarial descentralitzada, la nostra estrat\u00e8gia de sostenibilitat es posa en pr\u00e0ctica a nivell transversal: cadascuna de les nostres empreses executa els programes i iniciatives que brinden el major impacte significatiu per al seu negoci, tot en suport de la nostra meta de convertir-nos en una empresa compromesa i sostenible.<\/p>\t\t\t\t\t\t\t\t<\/div>\n\t\t\t\t<\/div>\n\t\t<div class=\"elementor-element elementor-element-aebbd4d e-con-full elementor-hidden-tablet elementor-hidden-mobile e-flex e-con e-child\" data-id=\"aebbd4d\" data-element_type=\"container\" data-e-type=\"container\" data-settings=\"{&quot;background_background&quot;:&quot;classic&quot;}\">\n\t\t\t\t<\/div>\n\t\t\t\t\t<\/div>\n\t\t\t\t<\/div>\n\t\t<div class=\"elementor-element elementor-element-15c7d7a e-flex e-con-boxed e-con e-parent\" data-id=\"15c7d7a\" data-element_type=\"container\" data-e-type=\"container\" data-settings=\"{&quot;background_background&quot;:&quot;classic&quot;}\">\n\t\t\t\t\t<div class=\"e-con-inner\">\n\t\t\t\t<div class=\"elementor-element elementor-element-71a9ac0 elementor-widget elementor-widget-heading\" data-id=\"71a9ac0\" data-element_type=\"widget\" data-e-type=\"widget\" data-widget_type=\"heading.default\">\n\t\t\t\t\t<h3 class=\"elementor-heading-title elementor-size-default\">Vols m\u00e9s informaci\u00f3?<\/h3>\t\t\t\t<\/div>\n\t\t\t\t<div class=\"elementor-element elementor-element-71a40a2 elementor-widget elementor-widget-text-editor\" data-id=\"71a40a2\" data-element_type=\"widget\" data-e-type=\"widget\" data-widget_type=\"text-editor.default\">\n\t\t\t\t\t\t\t\t\tEn el cam\u00ed per fer tot aix\u00f2, a KADION tamb\u00e9 cuidem i prestem atenci\u00f3 a les persones, i per aix\u00f2 col\u00b7laborem amb diverses organitzacions i institucions que treballen per millorar la vida dels col\u00b7lectius m\u00e9s vulnerables:\t\t\t\t\t\t\t\t<\/div>\n\t\t<div class=\"elementor-element elementor-element-404b528 e-con-full e-flex e-con e-child\" data-id=\"404b528\" data-element_type=\"container\" data-e-type=\"container\">\n\t\t<div class=\"elementor-element elementor-element-21a54e2 e-con-full e-flex e-con e-child\" data-id=\"21a54e2\" data-element_type=\"container\" data-e-type=\"container\">\n\t\t\t\t<div class=\"elementor-element elementor-element-2ae0689 elementor-flip-box--effect-fade elementor-widget elementor-widget-flip-box\" data-id=\"2ae0689\" data-element_type=\"widget\" data-e-type=\"widget\" data-widget_type=\"flip-box.default\">\n\t\t\t\t\t\t\t<div class=\"elementor-flip-box\" tabindex=\"0\">\n\t\t\t<div class=\"elementor-flip-box__layer elementor-flip-box__front\">\n\t\t\t\t<div class=\"elementor-flip-box__layer__overlay\">\n\t\t\t\t\t<div class=\"elementor-flip-box__layer__inner\">\n\t\t\t\t\t\t\n\t\t\t\t\t\t\t\t\t\t\t\t\t<h4 class=\"elementor-flip-box__layer__title\">\n\t\t\t\t\t\t\t\tFundaci\u00f3 Teaming\t\t\t\t\t\t\t<\/h4>\n\t\t\t\t\t\t\n\t\t\t\t\t\t\t\t\t\t\t<\/div>\n\t\t\t\t<\/div>\n\t\t\t<\/div>\n\t\t\t<div class=\"elementor-flip-box__layer elementor-flip-box__back\">\n\t\t\t<div class=\"elementor-flip-box__layer__overlay\">\n\t\t\t\t<div class=\"elementor-flip-box__layer__inner\">\n\t\t\t\t\t\n\t\t\t\t\t\t\t\t\t\t\t<div class=\"elementor-flip-box__layer__description\">\n\t\t\t\t\t\t\tTeaming \u00e9s una eina en l\u00ednia per recaptar fons per a causes socials a trav\u00e9s de donacions en l\u00ednia o Anuals. A KADION col\u00b7laborem amb Teaming des de fa anys per la varietat d'organitzacions i causes a qu\u00e8 donen suport. \nAix\u00ed mateix, animem tots els nostres clients i empleats a col\u00b7laborar amb la fundaci\u00f3 a trav\u00e9s de la seva web amb micro-donacions.  \t\t\t\t\t\t<\/div>\n\t\t\t\t\t\n\t\t\t\t\t\t\t\t\t\t\t<a class=\"elementor-flip-box__button elementor-button elementor-size-xs\" href=\"https:\/\/www.teaming.net\/teamingfoundation?lang=es_ES\">\n\t\t\t\t\t\t\tConeix-los\t\t\t\t\t\t<\/a>\n\t\t\t\t\t\t\t\t<\/div>\n\t\t<\/div>\n\t\t<\/div>\n\t\t<\/div>\n\t\t\t\t\t\t<\/div>\n\t\t\t\t<\/div>\n\t\t<div class=\"elementor-element elementor-element-8bf6a30 e-con-full e-flex e-con e-child\" data-id=\"8bf6a30\" data-element_type=\"container\" data-e-type=\"container\">\n\t\t\t\t<div class=\"elementor-element elementor-element-bc4cc43 elementor-flip-box--effect-fade elementor-widget elementor-widget-flip-box\" data-id=\"bc4cc43\" data-element_type=\"widget\" data-e-type=\"widget\" data-widget_type=\"flip-box.default\">\n\t\t\t\t\t\t\t<div class=\"elementor-flip-box\" tabindex=\"0\">\n\t\t\t<div class=\"elementor-flip-box__layer elementor-flip-box__front\">\n\t\t\t\t<div class=\"elementor-flip-box__layer__overlay\">\n\t\t\t\t\t<div class=\"elementor-flip-box__layer__inner\">\n\t\t\t\t\t\t\n\t\t\t\t\t\t\t\t\t\t\t\t\t<h4 class=\"elementor-flip-box__layer__title\">\n\t\t\t\t\t\t\t\tFundaci\u00f3 Pascual Maragall\t\t\t\t\t\t\t<\/h4>\n\t\t\t\t\t\t\n\t\t\t\t\t\t\t\t\t\t\t<\/div>\n\t\t\t\t<\/div>\n\t\t\t<\/div>\n\t\t\t<div class=\"elementor-flip-box__layer elementor-flip-box__back\">\n\t\t\t<div class=\"elementor-flip-box__layer__overlay\">\n\t\t\t\t<div class=\"elementor-flip-box__layer__inner\">\n\t\t\t\t\t\n\t\t\t\t\t\t\t\t\t\t\t<div class=\"elementor-flip-box__layer__description\">\n\t\t\t\t\t\t\tLa Fundaci\u00f3 Pascual Maragall treballa a la Investigaci\u00f3 sobre l'Alzheimer, per v\u00e8ncer aquesta malaltia i aconseguir un futur en qu\u00e8 l'envelliment estigui associat a experi\u00e8ncies positives.\t\t\t\t\t\t<\/div>\n\t\t\t\t\t\n\t\t\t\t\t\t\t\t\t\t\t<a class=\"elementor-flip-box__button elementor-button elementor-size-xs\" href=\"https:\/\/fpmaragall.org\/\">\n\t\t\t\t\t\t\tConeix-los\t\t\t\t\t\t<\/a>\n\t\t\t\t\t\t\t\t<\/div>\n\t\t<\/div>\n\t\t<\/div>\n\t\t<\/div>\n\t\t\t\t\t\t<\/div>\n\t\t\t\t<\/div>\n\t\t<div class=\"elementor-element elementor-element-a2ef892 e-con-full e-flex e-con e-child\" data-id=\"a2ef892\" data-element_type=\"container\" data-e-type=\"container\">\n\t\t\t\t<div class=\"elementor-element elementor-element-ebae43e elementor-flip-box--effect-fade elementor-widget elementor-widget-flip-box\" data-id=\"ebae43e\" data-element_type=\"widget\" data-e-type=\"widget\" data-widget_type=\"flip-box.default\">\n\t\t\t\t\t\t\t<div class=\"elementor-flip-box\" tabindex=\"0\">\n\t\t\t<div class=\"elementor-flip-box__layer elementor-flip-box__front\">\n\t\t\t\t<div class=\"elementor-flip-box__layer__overlay\">\n\t\t\t\t\t<div class=\"elementor-flip-box__layer__inner\">\n\t\t\t\t\t\t\n\t\t\t\t\t\t\t\t\t\t\t\t\t<h4 class=\"elementor-flip-box__layer__title\">\n\t\t\t\t\t\t\t\tFundaci\u00f3 Homac\t\t\t\t\t\t\t<\/h4>\n\t\t\t\t\t\t\n\t\t\t\t\t\t\t\t\t\t\t<\/div>\n\t\t\t\t<\/div>\n\t\t\t<\/div>\n\t\t\t<div class=\"elementor-flip-box__layer elementor-flip-box__back\">\n\t\t\t<div class=\"elementor-flip-box__layer__overlay\">\n\t\t\t\t<div class=\"elementor-flip-box__layer__inner\">\n\t\t\t\t\t\n\t\t\t\t\t\t\t\t\t\t\t<div class=\"elementor-flip-box__layer__description\">\n\t\t\t\t\t\t\tLa fundaci\u00f3 Homac \u00c9s una organitzaci\u00f3 apol\u00edtica, laica i no lucrativa que t\u00e9 com a objectiu donar una oportunitat als m\u00e9s desafavorits perqu\u00e8 puguin valdre's per si mateixos millorant la seva educaci\u00f3, la seva situaci\u00f3 sanit\u00e0ria i les seves condicions de vida respectant en tots els casos la seva cultura.\t\t\t\t\t\t<\/div>\n\t\t\t\t\t\n\t\t\t\t\t\t\t\t\t\t\t<a class=\"elementor-flip-box__button elementor-button elementor-size-xs\" href=\"http:\/\/homacfundacion.com\/\">\n\t\t\t\t\t\t\tConeix-los\t\t\t\t\t\t<\/a>\n\t\t\t\t\t\t\t\t<\/div>\n\t\t<\/div>\n\t\t<\/div>\n\t\t<\/div>\n\t\t\t\t\t\t<\/div>\n\t\t\t\t<\/div>\n\t\t\t\t<\/div>\n\t\t\t\t\t<\/div>\n\t\t\t\t<\/div>\n\t\t<div class=\"elementor-element elementor-element-b81ba66 e-flex e-con-boxed e-con e-parent\" data-id=\"b81ba66\" data-element_type=\"container\" data-e-type=\"container\">\n\t\t\t\t\t<div class=\"e-con-inner\">\n\t\t<div class=\"elementor-element elementor-element-c2633e4 e-con-full e-flex e-con e-child\" data-id=\"c2633e4\" data-element_type=\"container\" data-e-type=\"container\">\n\t\t\t\t<div class=\"elementor-element elementor-element-9dc0f3c elementor-widget elementor-widget-heading\" data-id=\"9dc0f3c\" data-element_type=\"widget\" data-e-type=\"widget\" data-widget_type=\"heading.default\">\n\t\t\t\t\t<h2 class=\"elementor-heading-title elementor-size-default\">Compromesos amb les persones<\/h2>\t\t\t\t<\/div>\n\t\t\t\t<div class=\"elementor-element elementor-element-78d1ae4 elementor-widget elementor-widget-text-editor\" data-id=\"78d1ae4\" data-element_type=\"widget\" data-e-type=\"widget\" data-widget_type=\"text-editor.default\">\n\t\t\t\t\t\t\t\t\t<p>Continuem aconseguint un progr\u00e9s constant i consistent en els nostres objectius de diversitat i inclusi\u00f3 construint un lloc de treball m\u00e9s equitatiu i segur. Tamb\u00e9 ampliem la nostra iniciativa de capacitaci\u00f3 de l\u00edders per aportar m\u00e9s professionalitat a cada proc\u00e9s. <\/p><p>Tamb\u00e9 col\u00b7laborem, des de les diferents empreses del grup en diverses associacions per aconseguir un impacte positiu a la societat, amb organitzacions que promoguin la diversitat racial\/\u00e8tnica, la igualtat social, la lluita contra la fam, el dret a l\u2019educaci\u00f3 i suport a la comunitat LGBTQ+.<\/p>\t\t\t\t\t\t\t\t<\/div>\n\t\t\t\t<\/div>\n\t\t<div class=\"elementor-element elementor-element-05be05c e-con-full e-flex e-con e-child\" data-id=\"05be05c\" data-element_type=\"container\" data-e-type=\"container\">\n\t\t\t\t<div class=\"elementor-element elementor-element-ef33fd2 elementor-widget elementor-widget-image\" data-id=\"ef33fd2\" data-element_type=\"widget\" data-e-type=\"widget\" data-widget_type=\"image.default\">\n\t\t\t\t\t\t\t\t\t\t\t\t\t\t\t<img fetchpriority=\"high\" decoding=\"async\" width=\"602\" height=\"401\" src=\"https:\/\/kadion.com\/wp-content\/uploads\/2025\/12\/rsc_img_compromiso_personas.webp\" class=\"attachment-large size-large wp-image-15834\" alt=\"\" srcset=\"https:\/\/kadion.com\/wp-content\/uploads\/2025\/12\/rsc_img_compromiso_personas.webp 602w, https:\/\/kadion.com\/wp-content\/uploads\/2025\/12\/rsc_img_compromiso_personas-300x200.webp 300w\" sizes=\"(max-width: 602px) 100vw, 602px\" \/>\t\t\t\t\t\t\t\t\t\t\t\t\t\t\t<\/div>\n\t\t\t\t<\/div>\n\t\t\t\t\t<\/div>\n\t\t\t\t<\/div>\n\t\t<div class=\"elementor-element elementor-element-4f1d08b e-flex e-con-boxed e-con e-parent\" data-id=\"4f1d08b\" data-element_type=\"container\" data-e-type=\"container\" data-settings=\"{&quot;background_background&quot;:&quot;classic&quot;}\">\n\t\t\t\t\t<div class=\"e-con-inner\">\n\t\t\t\t<div class=\"elementor-element elementor-element-c22caeb elementor-widget elementor-widget-text-editor\" data-id=\"c22caeb\" data-element_type=\"widget\" data-e-type=\"widget\" data-widget_type=\"text-editor.default\">\n\t\t\t\t\t\t\t\t\t<p>KADION tamb\u00e9 est\u00e0 treballant per complir les seves obligacions legals segons REACH (Reglament (CE) 1907\/2006, relatiu al Registre, Avaluaci\u00f3 i Autoritzaci\u00f3 de subst\u00e0ncies qu\u00edmiques), en el seu paper com a importador i distribu\u00efdor al mercat europeu.<\/p><p>Disposem del certificat ISO: 9001:2015, ISO 14001:2015 i ODS<\/p>\t\t\t\t\t\t\t\t<\/div>\n\t\t<div class=\"elementor-element elementor-element-3603ae4 e-con-full e-flex e-con e-child\" data-id=\"3603ae4\" data-element_type=\"container\" data-e-type=\"container\">\n\t\t<div class=\"elementor-element elementor-element-5527554 e-con-full e-flex e-con e-child\" data-id=\"5527554\" data-element_type=\"container\" data-e-type=\"container\">\n\t\t\t\t<div class=\"elementor-element elementor-element-3c847cb elementor-align-justify elementor-widget elementor-widget-button\" data-id=\"3c847cb\" data-element_type=\"widget\" data-e-type=\"widget\" data-widget_type=\"button.default\">\n\t\t\t\t\t\t\t\t\t\t<a class=\"elementor-button elementor-button-link elementor-size-sm\" href=\"https:\/\/kadion.com\/wp-content\/uploads\/2025\/12\/ISO-9001-IQNetES-0340.pdf\">\n\t\t\t\t\t\t<span class=\"elementor-button-content-wrapper\">\n\t\t\t\t\t\t<span class=\"elementor-button-icon\">\n\t\t\t\t<svg aria-hidden=\"true\" class=\"e-font-icon-svg e-far-arrow-alt-circle-down\" viewBox=\"0 0 512 512\" xmlns=\"http:\/\/www.w3.org\/2000\/svg\"><path d=\"M256 8C119 8 8 119 8 256s111 248 248 248 248-111 248-248S393 8 256 8zm0 448c-110.5 0-200-89.5-200-200S145.5 56 256 56s200 89.5 200 200-89.5 200-200 200zm-32-316v116h-67c-10.7 0-16 12.9-8.5 20.5l99 99c4.7 4.7 12.3 4.7 17 0l99-99c7.6-7.6 2.2-20.5-8.5-20.5h-67V140c0-6.6-5.4-12-12-12h-40c-6.6 0-12 5.4-12 12z\"><\/path><\/svg>\t\t\t<\/span>\n\t\t\t\t\t\t\t\t\t<span class=\"elementor-button-text\">Descarregar Certificat ISO 9001<\/span>\n\t\t\t\t\t<\/span>\n\t\t\t\t\t<\/a>\n\t\t\t\t\t\t\t\t<\/div>\n\t\t\t\t<div class=\"elementor-element elementor-element-868e03d elementor-align-justify elementor-widget elementor-widget-button\" data-id=\"868e03d\" data-element_type=\"widget\" data-e-type=\"widget\" data-widget_type=\"button.default\">\n\t\t\t\t\t\t\t\t\t\t<a class=\"elementor-button elementor-button-link elementor-size-sm\" href=\"https:\/\/kadion.com\/wp-content\/uploads\/2025\/12\/ISO-14001-CertificadoGA-2023.pdf\">\n\t\t\t\t\t\t<span class=\"elementor-button-content-wrapper\">\n\t\t\t\t\t\t<span class=\"elementor-button-icon\">\n\t\t\t\t<svg aria-hidden=\"true\" class=\"e-font-icon-svg e-far-arrow-alt-circle-down\" viewBox=\"0 0 512 512\" xmlns=\"http:\/\/www.w3.org\/2000\/svg\"><path d=\"M256 8C119 8 8 119 8 256s111 248 248 248 248-111 248-248S393 8 256 8zm0 448c-110.5 0-200-89.5-200-200S145.5 56 256 56s200 89.5 200 200-89.5 200-200 200zm-32-316v116h-67c-10.7 0-16 12.9-8.5 20.5l99 99c4.7 4.7 12.3 4.7 17 0l99-99c7.6-7.6 2.2-20.5-8.5-20.5h-67V140c0-6.6-5.4-12-12-12h-40c-6.6 0-12 5.4-12 12z\"><\/path><\/svg>\t\t\t<\/span>\n\t\t\t\t\t\t\t\t\t<span class=\"elementor-button-text\">Descarregar Certificat ISO 14001 <\/span>\n\t\t\t\t\t<\/span>\n\t\t\t\t\t<\/a>\n\t\t\t\t\t\t\t\t<\/div>\n\t\t\t\t<div class=\"elementor-element elementor-element-712e9b9 elementor-align-justify elementor-widget elementor-widget-button\" data-id=\"712e9b9\" data-element_type=\"widget\" data-e-type=\"widget\" data-widget_type=\"button.default\">\n\t\t\t\t\t\t\t\t\t\t<a class=\"elementor-button elementor-button-link elementor-size-sm\" href=\"https:\/\/kadion.com\/wp-content\/uploads\/2025\/12\/ODS-KADION-ES.pdf\">\n\t\t\t\t\t\t<span class=\"elementor-button-content-wrapper\">\n\t\t\t\t\t\t<span class=\"elementor-button-icon\">\n\t\t\t\t<svg aria-hidden=\"true\" class=\"e-font-icon-svg e-far-arrow-alt-circle-down\" viewBox=\"0 0 512 512\" xmlns=\"http:\/\/www.w3.org\/2000\/svg\"><path d=\"M256 8C119 8 8 119 8 256s111 248 248 248 248-111 248-248S393 8 256 8zm0 448c-110.5 0-200-89.5-200-200S145.5 56 256 56s200 89.5 200 200-89.5 200-200 200zm-32-316v116h-67c-10.7 0-16 12.9-8.5 20.5l99 99c4.7 4.7 12.3 4.7 17 0l99-99c7.6-7.6 2.2-20.5-8.5-20.5h-67V140c0-6.6-5.4-12-12-12h-40c-6.6 0-12 5.4-12 12z\"><\/path><\/svg>\t\t\t<\/span>\n\t\t\t\t\t\t\t\t\t<span class=\"elementor-button-text\">Descarregar ODS<\/span>\n\t\t\t\t\t<\/span>\n\t\t\t\t\t<\/a>\n\t\t\t\t\t\t\t\t<\/div>\n\t\t\t\t<\/div>\n\t\t<div class=\"elementor-element elementor-element-9ed7b6d e-con-full e-flex e-con e-child\" data-id=\"9ed7b6d\" data-element_type=\"container\" data-e-type=\"container\">\n\t\t\t\t<div class=\"elementor-element elementor-element-7874e72 elementor-align-justify elementor-widget elementor-widget-button\" data-id=\"7874e72\" data-element_type=\"widget\" data-e-type=\"widget\" data-widget_type=\"button.default\">\n\t\t\t\t\t\t\t\t\t\t<a class=\"elementor-button elementor-button-link elementor-size-sm\" href=\"https:\/\/kadion.com\/wp-content\/uploads\/2025\/12\/ISO-9001-IQNetES-0340-2000.pdf\">\n\t\t\t\t\t\t<span class=\"elementor-button-content-wrapper\">\n\t\t\t\t\t\t<span class=\"elementor-button-icon\">\n\t\t\t\t<svg aria-hidden=\"true\" class=\"e-font-icon-svg e-far-arrow-alt-circle-down\" viewBox=\"0 0 512 512\" xmlns=\"http:\/\/www.w3.org\/2000\/svg\"><path d=\"M256 8C119 8 8 119 8 256s111 248 248 248 248-111 248-248S393 8 256 8zm0 448c-110.5 0-200-89.5-200-200S145.5 56 256 56s200 89.5 200 200-89.5 200-200 200zm-32-316v116h-67c-10.7 0-16 12.9-8.5 20.5l99 99c4.7 4.7 12.3 4.7 17 0l99-99c7.6-7.6 2.2-20.5-8.5-20.5h-67V140c0-6.6-5.4-12-12-12h-40c-6.6 0-12 5.4-12 12z\"><\/path><\/svg>\t\t\t<\/span>\n\t\t\t\t\t\t\t\t\t<span class=\"elementor-button-text\">Descarregar Certificat IQNet ISO 9001<\/span>\n\t\t\t\t\t<\/span>\n\t\t\t\t\t<\/a>\n\t\t\t\t\t\t\t\t<\/div>\n\t\t\t\t<div class=\"elementor-element elementor-element-f169ba2 elementor-align-justify elementor-widget elementor-widget-button\" data-id=\"f169ba2\" data-element_type=\"widget\" data-e-type=\"widget\" data-widget_type=\"button.default\">\n\t\t\t\t\t\t\t\t\t\t<a class=\"elementor-button elementor-button-link elementor-size-sm\" href=\"https:\/\/kadion.com\/wp-content\/uploads\/2025\/12\/ISO-14001-IQNetES-2023-0138.pdf\">\n\t\t\t\t\t\t<span class=\"elementor-button-content-wrapper\">\n\t\t\t\t\t\t<span class=\"elementor-button-icon\">\n\t\t\t\t<svg aria-hidden=\"true\" class=\"e-font-icon-svg e-far-arrow-alt-circle-down\" viewBox=\"0 0 512 512\" xmlns=\"http:\/\/www.w3.org\/2000\/svg\"><path d=\"M256 8C119 8 8 119 8 256s111 248 248 248 248-111 248-248S393 8 256 8zm0 448c-110.5 0-200-89.5-200-200S145.5 56 256 56s200 89.5 200 200-89.5 200-200 200zm-32-316v116h-67c-10.7 0-16 12.9-8.5 20.5l99 99c4.7 4.7 12.3 4.7 17 0l99-99c7.6-7.6 2.2-20.5-8.5-20.5h-67V140c0-6.6-5.4-12-12-12h-40c-6.6 0-12 5.4-12 12z\"><\/path><\/svg>\t\t\t<\/span>\n\t\t\t\t\t\t\t\t\t<span class=\"elementor-button-text\">Descarregar Certificat IQNet ISO 14001<\/span>\n\t\t\t\t\t<\/span>\n\t\t\t\t\t<\/a>\n\t\t\t\t\t\t\t\t<\/div>\n\t\t\t\t<div class=\"elementor-element elementor-element-2f73e74 elementor-align-justify elementor-widget elementor-widget-button\" data-id=\"2f73e74\" data-element_type=\"widget\" data-e-type=\"widget\" data-widget_type=\"button.default\">\n\t\t\t\t\t\t\t\t\t\t<a class=\"elementor-button elementor-button-link elementor-size-sm\" href=\"https:\/\/kadion.com\/wp-content\/uploads\/2025\/12\/evaluacion-periodica.pdf\">\n\t\t\t\t\t\t<span class=\"elementor-button-content-wrapper\">\n\t\t\t\t\t\t<span class=\"elementor-button-icon\">\n\t\t\t\t<svg aria-hidden=\"true\" class=\"e-font-icon-svg e-far-arrow-alt-circle-down\" viewBox=\"0 0 512 512\" xmlns=\"http:\/\/www.w3.org\/2000\/svg\"><path d=\"M256 8C119 8 8 119 8 256s111 248 248 248 248-111 248-248S393 8 256 8zm0 448c-110.5 0-200-89.5-200-200S145.5 56 256 56s200 89.5 200 200-89.5 200-200 200zm-32-316v116h-67c-10.7 0-16 12.9-8.5 20.5l99 99c4.7 4.7 12.3 4.7 17 0l99-99c7.6-7.6 2.2-20.5-8.5-20.5h-67V140c0-6.6-5.4-12-12-12h-40c-6.6 0-12 5.4-12 12z\"><\/path><\/svg>\t\t\t<\/span>\n\t\t\t\t\t\t\t\t\t<span class=\"elementor-button-text\">Descarregar Avaluaci\u00f3 Peri\u00f2dica<\/span>\n\t\t\t\t\t<\/span>\n\t\t\t\t\t<\/a>\n\t\t\t\t\t\t\t\t<\/div>\n\t\t\t\t<\/div>\n\t\t\t\t<\/div>\n\t\t\t\t\t<\/div>\n\t\t\t\t<\/div>\n\t\t\t\t<\/div>\n\t\t","protected":false},"excerpt":{"rendered":"<p>RSC Responsabilitat Social Corporativa Compromesos amb la sostenibilitat A KADION ens trobem en un proc\u00e9s de continu creixement i per aix\u00f2, avancem com a empresa comprometent-nos a ajudar a assolir un futur millor, impulsant mesures i resultats sostenibles. A aquest efecte, estem constantment desenvolupant les nostres estructures organitzatives i eines de gesti\u00f3, sempre amb l\u2019objectiu [&hellip;]<\/p>\n","protected":false},"author":1,"featured_media":0,"parent":0,"menu_order":0,"comment_status":"closed","ping_status":"closed","template":"elementor_header_footer","meta":{"_acf_changed":false,"footnotes":""},"class_list":["post-15835","page","type-page","status-publish","hentry"],"acf":[],"yoast_head":"<!-- This site is optimized with the Yoast SEO plugin v26.9 - https:\/\/yoast.com\/product\/yoast-seo-wordpress\/ -->\n<title>Kadion | Responsabilitat Social Corporativa (RSC)<\/title>\n<meta name=\"description\" content=\"Comprom\u00eds de Kadion amb la sostenibilitat, les persones i la responsabilitat social, impulsant accions ambientals i col\u00b7laboraci\u00f3 amb fundacions.\" \/>\n<meta name=\"robots\" content=\"index, follow, max-snippet:-1, max-image-preview:large, max-video-preview:-1\" \/>\n<link rel=\"canonical\" href=\"https:\/\/kadion.com\/ca\/responsabilitat-social-corporativa\/\" \/>\n<meta property=\"og:locale\" content=\"ca_ES\" \/>\n<meta property=\"og:type\" content=\"article\" \/>\n<meta property=\"og:title\" content=\"Kadion | Responsabilitat Social Corporativa (RSC)\" \/>\n<meta property=\"og:description\" content=\"Comprom\u00eds de Kadion amb la sostenibilitat, les persones i la responsabilitat social, impulsant accions ambientals i col\u00b7laboraci\u00f3 amb fundacions.\" \/>\n<meta property=\"og:url\" content=\"https:\/\/kadion.com\/ca\/responsabilitat-social-corporativa\/\" \/>\n<meta property=\"og:site_name\" content=\"Kadion\" \/>\n<meta property=\"article:modified_time\" content=\"2025-12-15T13:38:42+00:00\" \/>\n<meta property=\"og:image\" content=\"https:\/\/kadion.com\/wp-content\/uploads\/2025\/12\/rsc_img_compromiso_personas.webp\" \/>\n\t<meta property=\"og:image:width\" content=\"602\" \/>\n\t<meta property=\"og:image:height\" content=\"401\" \/>\n\t<meta property=\"og:image:type\" content=\"image\/webp\" \/>\n<meta name=\"twitter:card\" content=\"summary_large_image\" \/>\n<meta name=\"twitter:label1\" content=\"Temps estimat de lectura\" \/>\n\t<meta name=\"twitter:data1\" content=\"3 minuts\" \/>\n<script type=\"application\/ld+json\" class=\"yoast-schema-graph\">{\"@context\":\"https:\/\/schema.org\",\"@graph\":[{\"@type\":\"WebPage\",\"@id\":\"https:\/\/kadion.com\/ca\/responsabilitat-social-corporativa\/\",\"url\":\"https:\/\/kadion.com\/ca\/responsabilitat-social-corporativa\/\",\"name\":\"Kadion | Responsabilitat Social Corporativa (RSC)\",\"isPartOf\":{\"@id\":\"https:\/\/kadion.com\/ca\/#website\"},\"primaryImageOfPage\":{\"@id\":\"https:\/\/kadion.com\/ca\/responsabilitat-social-corporativa\/#primaryimage\"},\"image\":{\"@id\":\"https:\/\/kadion.com\/ca\/responsabilitat-social-corporativa\/#primaryimage\"},\"thumbnailUrl\":\"https:\/\/kadion.com\/wp-content\/uploads\/2025\/12\/rsc_img_compromiso_personas.webp\",\"datePublished\":\"2025-12-09T08:36:52+00:00\",\"dateModified\":\"2025-12-15T13:38:42+00:00\",\"description\":\"Comprom\u00eds de Kadion amb la sostenibilitat, les persones i la responsabilitat social, impulsant accions ambientals i col\u00b7laboraci\u00f3 amb fundacions.\",\"breadcrumb\":{\"@id\":\"https:\/\/kadion.com\/ca\/responsabilitat-social-corporativa\/#breadcrumb\"},\"inLanguage\":\"ca\",\"potentialAction\":[{\"@type\":\"ReadAction\",\"target\":[\"https:\/\/kadion.com\/ca\/responsabilitat-social-corporativa\/\"]}]},{\"@type\":\"ImageObject\",\"inLanguage\":\"ca\",\"@id\":\"https:\/\/kadion.com\/ca\/responsabilitat-social-corporativa\/#primaryimage\",\"url\":\"https:\/\/kadion.com\/wp-content\/uploads\/2025\/12\/rsc_img_compromiso_personas.webp\",\"contentUrl\":\"https:\/\/kadion.com\/wp-content\/uploads\/2025\/12\/rsc_img_compromiso_personas.webp\"},{\"@type\":\"BreadcrumbList\",\"@id\":\"https:\/\/kadion.com\/ca\/responsabilitat-social-corporativa\/#breadcrumb\",\"itemListElement\":[{\"@type\":\"ListItem\",\"position\":1,\"name\":\"Portada\",\"item\":\"https:\/\/kadion.com\/ca\/kadion\/\"},{\"@type\":\"ListItem\",\"position\":2,\"name\":\"Responsabilitat social corporativa\"}]},{\"@type\":\"WebSite\",\"@id\":\"https:\/\/kadion.com\/ca\/#website\",\"url\":\"https:\/\/kadion.com\/ca\/\",\"name\":\"Kadion\",\"description\":\"\",\"publisher\":{\"@id\":\"https:\/\/kadion.com\/ca\/#organization\"},\"potentialAction\":[{\"@type\":\"SearchAction\",\"target\":{\"@type\":\"EntryPoint\",\"urlTemplate\":\"https:\/\/kadion.com\/ca\/?s={search_term_string}\"},\"query-input\":{\"@type\":\"PropertyValueSpecification\",\"valueRequired\":true,\"valueName\":\"search_term_string\"}}],\"inLanguage\":\"ca\"},{\"@type\":\"Organization\",\"@id\":\"https:\/\/kadion.com\/ca\/#organization\",\"name\":\"Distribution of chemical products\",\"url\":\"https:\/\/kadion.com\/ca\/\",\"logo\":{\"@type\":\"ImageObject\",\"inLanguage\":\"ca\",\"@id\":\"https:\/\/kadion.com\/ca\/#\/schema\/logo\/image\/\",\"url\":\"https:\/\/kadion.com\/wp-content\/uploads\/2025\/12\/favicon-kadion.png\",\"contentUrl\":\"https:\/\/kadion.com\/wp-content\/uploads\/2025\/12\/favicon-kadion.png\",\"width\":512,\"height\":512,\"caption\":\"Distribution of chemical products\"},\"image\":{\"@id\":\"https:\/\/kadion.com\/ca\/#\/schema\/logo\/image\/\"}}]}<\/script>\n<!-- \/ Yoast SEO plugin. -->","yoast_head_json":{"title":"Kadion | Responsabilitat Social Corporativa (RSC)","description":"Comprom\u00eds de Kadion amb la sostenibilitat, les persones i la responsabilitat social, impulsant accions ambientals i col\u00b7laboraci\u00f3 amb fundacions.","robots":{"index":"index","follow":"follow","max-snippet":"max-snippet:-1","max-image-preview":"max-image-preview:large","max-video-preview":"max-video-preview:-1"},"canonical":"https:\/\/kadion.com\/ca\/responsabilitat-social-corporativa\/","og_locale":"ca_ES","og_type":"article","og_title":"Kadion | Responsabilitat Social Corporativa (RSC)","og_description":"Comprom\u00eds de Kadion amb la sostenibilitat, les persones i la responsabilitat social, impulsant accions ambientals i col\u00b7laboraci\u00f3 amb fundacions.","og_url":"https:\/\/kadion.com\/ca\/responsabilitat-social-corporativa\/","og_site_name":"Kadion","article_modified_time":"2025-12-15T13:38:42+00:00","og_image":[{"width":602,"height":401,"url":"https:\/\/kadion.com\/wp-content\/uploads\/2025\/12\/rsc_img_compromiso_personas.webp","type":"image\/webp"}],"twitter_card":"summary_large_image","twitter_misc":{"Temps estimat de lectura":"3 minuts"},"schema":{"@context":"https:\/\/schema.org","@graph":[{"@type":"WebPage","@id":"https:\/\/kadion.com\/ca\/responsabilitat-social-corporativa\/","url":"https:\/\/kadion.com\/ca\/responsabilitat-social-corporativa\/","name":"Kadion | Responsabilitat Social Corporativa (RSC)","isPartOf":{"@id":"https:\/\/kadion.com\/ca\/#website"},"primaryImageOfPage":{"@id":"https:\/\/kadion.com\/ca\/responsabilitat-social-corporativa\/#primaryimage"},"image":{"@id":"https:\/\/kadion.com\/ca\/responsabilitat-social-corporativa\/#primaryimage"},"thumbnailUrl":"https:\/\/kadion.com\/wp-content\/uploads\/2025\/12\/rsc_img_compromiso_personas.webp","datePublished":"2025-12-09T08:36:52+00:00","dateModified":"2025-12-15T13:38:42+00:00","description":"Comprom\u00eds de Kadion amb la sostenibilitat, les persones i la responsabilitat social, impulsant accions ambientals i col\u00b7laboraci\u00f3 amb fundacions.","breadcrumb":{"@id":"https:\/\/kadion.com\/ca\/responsabilitat-social-corporativa\/#breadcrumb"},"inLanguage":"ca","potentialAction":[{"@type":"ReadAction","target":["https:\/\/kadion.com\/ca\/responsabilitat-social-corporativa\/"]}]},{"@type":"ImageObject","inLanguage":"ca","@id":"https:\/\/kadion.com\/ca\/responsabilitat-social-corporativa\/#primaryimage","url":"https:\/\/kadion.com\/wp-content\/uploads\/2025\/12\/rsc_img_compromiso_personas.webp","contentUrl":"https:\/\/kadion.com\/wp-content\/uploads\/2025\/12\/rsc_img_compromiso_personas.webp"},{"@type":"BreadcrumbList","@id":"https:\/\/kadion.com\/ca\/responsabilitat-social-corporativa\/#breadcrumb","itemListElement":[{"@type":"ListItem","position":1,"name":"Portada","item":"https:\/\/kadion.com\/ca\/kadion\/"},{"@type":"ListItem","position":2,"name":"Responsabilitat social corporativa"}]},{"@type":"WebSite","@id":"https:\/\/kadion.com\/ca\/#website","url":"https:\/\/kadion.com\/ca\/","name":"Kadion","description":"","publisher":{"@id":"https:\/\/kadion.com\/ca\/#organization"},"potentialAction":[{"@type":"SearchAction","target":{"@type":"EntryPoint","urlTemplate":"https:\/\/kadion.com\/ca\/?s={search_term_string}"},"query-input":{"@type":"PropertyValueSpecification","valueRequired":true,"valueName":"search_term_string"}}],"inLanguage":"ca"},{"@type":"Organization","@id":"https:\/\/kadion.com\/ca\/#organization","name":"Distribution of chemical products","url":"https:\/\/kadion.com\/ca\/","logo":{"@type":"ImageObject","inLanguage":"ca","@id":"https:\/\/kadion.com\/ca\/#\/schema\/logo\/image\/","url":"https:\/\/kadion.com\/wp-content\/uploads\/2025\/12\/favicon-kadion.png","contentUrl":"https:\/\/kadion.com\/wp-content\/uploads\/2025\/12\/favicon-kadion.png","width":512,"height":512,"caption":"Distribution of chemical products"},"image":{"@id":"https:\/\/kadion.com\/ca\/#\/schema\/logo\/image\/"}}]}},"_links":{"self":[{"href":"https:\/\/kadion.com\/ca\/wp-json\/wp\/v2\/pages\/15835","targetHints":{"allow":["GET"]}}],"collection":[{"href":"https:\/\/kadion.com\/ca\/wp-json\/wp\/v2\/pages"}],"about":[{"href":"https:\/\/kadion.com\/ca\/wp-json\/wp\/v2\/types\/page"}],"author":[{"embeddable":true,"href":"https:\/\/kadion.com\/ca\/wp-json\/wp\/v2\/users\/1"}],"replies":[{"embeddable":true,"href":"https:\/\/kadion.com\/ca\/wp-json\/wp\/v2\/comments?post=15835"}],"version-history":[{"count":1,"href":"https:\/\/kadion.com\/ca\/wp-json\/wp\/v2\/pages\/15835\/revisions"}],"predecessor-version":[{"id":15836,"href":"https:\/\/kadion.com\/ca\/wp-json\/wp\/v2\/pages\/15835\/revisions\/15836"}],"wp:attachment":[{"href":"https:\/\/kadion.com\/ca\/wp-json\/wp\/v2\/media?parent=15835"}],"curies":[{"name":"wp","href":"https:\/\/api.w.org\/{rel}","templated":true}]}}